{"id":1323,"date":"2026-01-22T13:50:38","date_gmt":"2026-01-22T12:50:38","guid":{"rendered":"https:\/\/www.gruene-bergen-enkheim.de\/?page_id=1323"},"modified":"2026-01-23T15:25:35","modified_gmt":"2026-01-23T14:25:35","slug":"unser-wahlprogramm-fuer-bergen-enkheim","status":"publish","type":"page","link":"https:\/\/www.gruene-bergen-enkheim.de\/?page_id=1323","title":{"rendered":"Unser Wahlprogramm f\u00fcr Bergen-Enkheim"},"content":{"rendered":"\n<h2 class=\"wp-block-heading\"><strong>Gr\u00fcne Werte<\/strong><\/h2>\n\n\n\n<p>Wir Gr\u00fcnen stehen f\u00fcr Mut und Ehrlichkeit.<\/p>\n\n\n\n<p><br>F\u00fcr viele bestehende Probleme gibt es keine einfachen L\u00f6sungen, also m\u00fcssen Dinge klar benannt werden \u2013 offen, direkt und immer respektvoll.<br>Wir sagen ehrlich, wo Ver\u00e4nderungen notwendig sind, und gehen sie mutig an. Wir wollen gemeinsam mit den Menschen im Stadtteil nach vorne schauen.<\/p>\n\n\n\n<p><br>Hier sind unsere Ideen f\u00fcr sozialen, \u00f6kologischen, gesellschaftlichen und wirtschaftlichen Fortschritt in Bergen-Enkheim.<\/p>\n\n\n\n<h2 class=\"wp-block-heading\"><br><strong>Soziales Miteinander<\/strong><\/h2>\n\n\n\n<p><br>Uns ist es wichtig, dass sich alle Menschen in Bergen-Enkheim wohlf\u00fchlen und sich frei und sicher im Stadtteil bewegen k\u00f6nnen. Wir k\u00fcmmern uns um die Anliegen von allen in Bergen-Enkheim \u2013 unabh\u00e4ngig von Alter, Geschlecht, Herkunft, Religion und sexueller Orientierung.<\/p>\n\n\n\n<p><br>Wir unterst\u00fctzen bestehende Angebote f\u00fcr ein soziales Miteinander wie Stra\u00dfenfeste, Nachbarschaftsinitiativen f\u00fcr Open-Air-Festivals, den lebendigen Adventskalender, Flohm\u00e4rkte etc.<br>Wir wollen weitere Orte und Veranstaltungen f\u00fcr Begegnung und Austausch schaffen \u2013 niedrigschwellige M\u00f6glichkeiten zum Dialog zwischen unterschiedlichen Generationen und Menschen mit unterschiedlichen Meinungen und Erfahrungen.<br><\/p>\n\n\n\n<p>Mit offenen Fr\u00fchst\u00fcckstreffs, der Beteiligung am Pavillon der Demokratie, kostenlosen Mitmach-Angeboten, sowie langen Tafeln zum gemeinsamen Essen und Diskutieren f\u00f6rdern wir den Zusammenhalt im Stadtteil.<\/p>\n\n\n\n<h2 class=\"wp-block-heading\"><br><strong>Natur und Umwelt<\/strong><\/h2>\n\n\n\n<p><br>Bergen-Enkheim ist lebenswert. Wir wollen, dass das auch in Zukunft so bleibt.<\/p>\n\n\n\n<p><br>Unser Stadtteil ist umgeben von Streuobstwiesen, Naturparks, Wald und Wiesen, und auch innerhalb des bebauten Gebietes gibt es Naturschutzgebiete und Gr\u00fcnfl\u00e4chen. Diese gr\u00fcnen Bereiche wollen wir \u2013 wie bereits in den letzten Jahren \u2013 sch\u00fctzen, pflegen und \u00f6kologisch nachhaltig weiterentwickeln.<br>Wir wollen mehr stra\u00dfenbegleitende Gr\u00fcnstreifen und Bienenwiesen schaffen und diese \u00f6kologisch sinnvoll pflegen.<\/p>\n\n\n\n<p><br>Wir beteiligen uns an der Aufkl\u00e4rungsarbeit zum Thema Natur und Umwelt und unterst\u00fctzen bereits vorhandene Initiativen, z. B. in Kindertagesst\u00e4tten und Schulen.<\/p>\n\n\n\n<p><br>Aktionen wie das <em>Frankfurt Cleanup<\/em> wollen wir im Stadtteil bewerben. Hierbei geht es nicht nur um die Sammlung wilden M\u00fclls, sondern vor allem um die Bewusstmachung des Problems und dessen zuk\u00fcnftige Vermeidung.<\/p>\n\n\n\n<p><br>Wir planen, im Rahmen des Projekts <em>Kleine Sauberkeitstools<\/em> Zigarettenkippen- und Kaugummi-Sammelstationen aufstellen zu lassen.<\/p>\n\n\n\n<p><\/p>\n\n\n\n<h2 class=\"wp-block-heading\"><strong>Nachhaltigkeit und Klima<\/strong><\/h2>\n\n\n\n<p><br>Der Klimawandel zeigt uns deutlich, dass die Lebensqualit\u00e4t dort schwindet, wo eng bebaut, viel asphaltiert und zu wenig f\u00fcr Bepflanzung gesorgt wird. \u00dcberhitzte Stra\u00dfen und Pl\u00e4tze sorgen auch in unserem Stadtteil f\u00fcr Hitzestau. Wir setzen uns ein f\u00fcr Entsiegelung sowie Baum- und andere Pflanzprojekte auf \u00f6ffentlichen Pl\u00e4tzen, um f\u00fcr Beschattung und Abk\u00fchlung zu sorgen.<\/p>\n\n\n\n<p><br>Wir werden in Bergen-Enkheim weiterhin \u00f6kologisch nachhaltige Projekte ins Leben rufen, um den B\u00fcrgerinnen die M\u00f6glichkeit zu geben, ihren \u00f6kologischen Fu\u00dfabdruck m\u00f6glichst klein zu halten, z. B. durch die Initiierung eines Repair-Caf\u00e9s und einer regelm\u00e4\u00dfig stattfindenden Tauschb\u00f6rse sowie durch Unterst\u00fctzung von Einkaufskooperativen f\u00fcr Bio-Lebensmittel aus lokalen Kooperationen. <\/p>\n\n\n\n<p>Wir laden ein zu Informationsveranstaltungen, z. B. zu F\u00f6rderm\u00f6glichkeiten f\u00fcr die nachhaltige Gestaltung von H\u00e4usern und (Miet-)Wohnungen sowie zu M\u00f6glichkeiten f\u00fcr Privatpersonen, eigene Ladestationen f\u00fcr E-Autos auch anderen Verbraucherinnen anzubieten und sich mit diesen zu vernetzen.<\/p>\n\n\n\n<h2 class=\"wp-block-heading\"><br><strong>\u00d6ffentlicher Raum<\/strong><\/h2>\n\n\n\n<p><br>Die Pl\u00e4tze in Bergen-Enkheim sind lebendige Treffpunkte und sollten M\u00f6glichkeiten zum Ausruhen und Verweilen bieten. Wir m\u00f6chten Pl\u00e4tze mit mehr Aufenthaltsqualit\u00e4t schaffen und unterst\u00fctzen private Initiativen sowie Ideen zur Neugestaltung.<\/p>\n\n\n\n<p><br>Wir setzen uns ein f\u00fcr mehr \u00f6ffentliche Toiletten an zentralen Orten wie der U-Bahn-Station Enkheim und dem Berger Marktplatz, die jederzeit frei zug\u00e4nglich sind.<\/p>\n\n\n\n<p><br>Der Erhalt von lokalen Einkaufsm\u00f6glichkeiten, vor allem f\u00fcr regionale Produkte, ist uns wichtig und sollte mit gezielten Ma\u00dfnahmen unterst\u00fctzt werden.<\/p>\n\n\n\n<p><br>Zudem machen wir uns stark f\u00fcr die Aufstellung von Trinkwasserspendern und m\u00f6chten daf\u00fcr sorgen, dass zus\u00e4tzlich zum beliebten B\u00fccherschrank in Enkheim auch in Bergen ein solcher Schrank aufgestellt wird.<\/p>\n\n\n\n<p><br>Ein sauberes Umfeld sorgt f\u00fcr Lebensqualit\u00e4t. Unser Stadtteil geh\u00f6rt zwar zu den saubersten in Frankfurt \u2013 wir wollen trotzdem weiter das Bewusstsein st\u00e4rken, dass jeder f\u00fcr seinen eigenen Lebensraum verantwortlich ist. Deshalb engagieren wir uns f\u00fcr die <em>Cleanup-Days<\/em>, die Initiative <em>Stadtteil-M\u00fcllbeauftragte der FES<\/em> und die <em>#cleanffm Botschafter*innen<\/em>.<\/p>\n\n\n\n<p><br>Damit E-Roller nicht zu Hindernissen und Stolperfallen werden, fordern wir sinnvolle Abstellfl\u00e4chen.<\/p>\n\n\n\n<h2 class=\"wp-block-heading\"><br><strong>Kita, Hort, Schule<\/strong><\/h2>\n\n\n\n<p><br>Wir fordern eine bedarfsgerechte Ausstattung an Kita- und Hortpl\u00e4tzen<br>Die Hortsituation im Stadtteil ist so nicht hinnehmbar. Jedes Kind mit Bedarf sollte einen Betreuungsplatz erhalten \u2013 und kein Elternteil seinen Arbeitsplatz aufgeben m\u00fcssen.<\/p>\n\n\n\n<p>Wir setzen uns weiterhin vehement f\u00fcr die Schaffung von Hortpl\u00e4tzen ein \u2013 ebenso wie f\u00fcr eine gerechte und transparente Vergabe der Pl\u00e4tze.<\/p>\n\n\n\n<p><br>Wir fordern ausreichend Grundschulkapazit\u00e4ten f\u00fcr Bergen-Enkheim, wenn n\u00f6tig auch eine neue Grundschule. Es ist nicht nachvollziehbar, dass die offiziellen Bedarfszahlen f\u00fcr die Schulpl\u00e4tze von der Realit\u00e4t im Stadtteil abweichen. Wir werden bei den zust\u00e4ndigen Stellen weiterhin sinnvolle Planungen einfordern.<br>Die Anliegen der \u00f6rtlichen Schulen unterst\u00fctzen wir gern, ebenso wie Projekte und Kooperationen, die der Nachhaltigkeit und der Entwicklung des Stadtteils dienen, z. B. den Umweltpreis, den der Ortsbeirat nach einer Idee der Gr\u00fcnen seit mehreren Jahren erfolgreich umsetzt.<\/p>\n\n\n\n<h2 class=\"wp-block-heading\"><br><strong>Freizeit, Sport, Kultur<\/strong><\/h2>\n\n\n\n<p><br>Neben der Instandhaltung und Weiterentwicklung der Sportst\u00e4tten unserer Vereine sind uns offene Angebote f\u00fcr Freizeitsport im Stadtteil ein gro\u00dfes Anliegen.<\/p>\n\n\n\n<p><br>Hierzu geh\u00f6rt z. B. die Wiederherstellung der Halfpipe auf dem Marktplatz in Bergen sowie die Gestaltung der Fl\u00e4chen unter der Fritz-Schubert-Ring-Br\u00fccke und gegen\u00fcber des \u201eRoten Platzes\u201c an der Riedschule als Multifunktionspl\u00e4tze mit attraktiven Angeboten wie Pump-Track-Bahnen, Bolzpl\u00e4tze,          Kletterw\u00e4nde o. \u00c4.<\/p>\n\n\n\n<p><br>Wir unterst\u00fctzen jugendliches Engagement in Bergen-Enkheim und die bereits bestehenden Vorschl\u00e4ge f\u00fcr ein zweites Jugendzentrum im Stadtteil (Enkheim).<br>Wir sehen das Problem, dass Jugendlichen R\u00e4umlichkeiten f\u00fcr Begegnung und Feierlichkeiten fehlen und arbeiten an L\u00f6sungen.<\/p>\n\n\n\n<p><br>Wir setzen uns f\u00fcr eine Fortf\u00fchrung und den Ausbau der umfangreichen kulturellen Angebote in Bergen Enkheim ein \u2013 Lesungen, Open-Air-Kino, Poetry Slams, Ausstellungsm\u00f6glichkeiten f\u00fcr kreativ t\u00e4tige Menschen im Stadtteil.<\/p>\n\n\n\n<p><br>Zu einem verbesserten kulturellen Angebot geh\u00f6rt f\u00fcr uns auch die Suche nach gr\u00f6\u00dferen und attraktiveren R\u00e4umlichkeiten f\u00fcr die Stadtteilbibliothek.<\/p>\n\n\n\n<h2 class=\"wp-block-heading\"><br><strong>Ehrenamt<\/strong><\/h2>\n\n\n\n<p><br>Ehrenamtliches Engagement zum Wohle der Bergen-Enkheimer*innen verdient allergr\u00f6\u00dfte Wertsch\u00e4tzung. Wir werden im Rahmen etablierter Stadtteilfeste eine lokale Ehrenamtsmesse initiieren, um Unterst\u00fctzung f\u00fcr unsere Vereine und Organisationen zu mobilisieren.<\/p>\n\n\n\n<p><br>Insbesondere liegt uns auch die Teilhabe von Jugendlichen an politischen und demokratischen Prozessen am Herzen. Wir unterst\u00fctzen die Entsendung von jungen Menschen aus dem Stadtteil ins neue Kinder- und Jugendparlament der Stadt Frankfurt und fordern eine dauerhafte Vertretung von Jugendlichen im Ortsbeirat Bergen-Enkheim, um die Stimme der Kinder und jungen Menschen bei Entscheidungsprozessen im Ortsteil besser ber\u00fccksichtigen zu k\u00f6nnen.<\/p>\n\n\n\n<h2 class=\"wp-block-heading\"><br><strong>M\u00e4dchen und Frauen<\/strong><\/h2>\n\n\n\n<p><br>Wir wollen M\u00e4dchen und Frauen in Bergen-Enkheim st\u00e4rken \u2013 mit dem Ziel, allen eine gleichberechtigte und angstfreie Teilhabe am gesellschaftlichen Leben zu erm\u00f6glichen.<\/p>\n\n\n\n<p><br>Frankfurt hat auf Initiative der Gr\u00fcnen das Hilfs- und Beratungsangebot f\u00fcr M\u00e4dchen und Frauen ausgebaut, ebenso die Zahl an Pl\u00e4tzen in Frauenh\u00e4usern.<\/p>\n\n\n\n<p><br>\u00dcbergriffiges Verhalten und h\u00e4usliche Gewalt gibt es leider \u00fcberall. Durch Gespr\u00e4che und Aktionen, z. B. an Tagen wie dem Internationalen Frauentag, dem Girl\u2019s Day, dem Internationalen M\u00e4dchentag und dem Aktionstag gegen Gewalt und h\u00e4usliche Gewalt, schaffen wir Aufmerksamkeit f\u00fcr die N\u00f6te und Bedarfe unserer Mitb\u00fcrgerinnen.<\/p>\n\n\n\n<p><br>Wir pr\u00fcfen Stra\u00dfen, Wege und Zug\u00e4nge zu \u00f6ffentlichen Geb\u00e4uden, Vereinsheimen und Sportpl\u00e4tzen, um gezielt bessere Beleuchtung zu beantragen.<br>Wir bewerben zudem das Beratungsangebot in Frankfurt sowie das Heimwegtelefon und kommunizieren die Bedeutung des SOS-Hand-Hilfezeichens.<\/p>\n\n\n\n<p><br>Hilfe f\u00fcr M\u00e4dchen und Frauen in Not: <a href=\"https:\/\/stark-gegen-gewalt-frankfurt.de\/\">www.stark-gegen-gewalt-frankfurt.de<\/a><br>Heimwegtelefon: <a href=\"https:\/\/heimwegtelefon.net\/\">www.heimwegtelefon.net\/<\/a><br>SOS-Hand-Hilfezeichen: <a href=\"https:\/\/lks.hessen.de\/beratung\/signal-for-help\">www.lks.hessen.de\/beratung\/signal-for-help<\/a><\/p>\n\n\n\n<h2 class=\"wp-block-heading\"><br><strong>Wohnen \u2013 f\u00fcr Jung bis Alt<\/strong><\/h2>\n\n\n\n<p><br>Wir wollen, dass alle Generationen in Bergen-Enkheim gut leben und wohnen k\u00f6nnen. Deswegen diskutieren wir mit Interessierten unterschiedlichen Alters und unterschiedlicher Lebenssituation \u00fcber neue Wohnprojekte und Patenschaftskonzepte, z. B. \u201eWohnraum bieten, Unterst\u00fctzung bekommen\u201c.<\/p>\n\n\n\n<p><br>F\u00fcr Auszubildende und Studierende bauen wir eine Kooperation mit der Bettenb\u00f6rse des ASTA der Uni Frankfurt auf, um jungen Menschen die Wohnungssuche zu erleichtern \u2013 durch eine gezielte Vernetzung mit Menschen im Stadtteil, die ungenutzte R\u00e4ume in ihren Wohnungen und H\u00e4usern haben, die sie jungen Leuten zeitweise zur Verf\u00fcgung stellen m\u00f6chten.<\/p>\n\n\n\n<h2 class=\"wp-block-heading\"><br><strong>Mobilit\u00e4t<\/strong><\/h2>\n\n\n\n<p><br>Ein ausgewogenes Mobilit\u00e4tsangebot ist ein wichtiger Faktor f\u00fcr das Zusammenleben in Bergen-Enkheim. Durch den Ausbau von Fu\u00df- und Radwegen und dem \u00f6ffentlichen Nahverkehr sinken die Emissionen und es steht mehr Platz auf den Stra\u00dfen zur Verf\u00fcgung f\u00fcr diejenigen, die auf das Auto angewiesen sind.<\/p>\n\n\n\n<p><br>Wir werden weiterhin die Fu\u00dfwege in Bergen-Enkheim auf m\u00f6gliche Schwachstellen pr\u00fcfen und \u2013 wo n\u00f6tig \u2013 sicherer machen.<\/p>\n\n\n\n<p><br>Ebenso wollen wir das Radwegenetz verbessern. Wichtig sind uns dabei gute Radwege nach Bad Vilbel\/Heilsberg und Fechenheim sowie die Einrichtung einer \u2013 von Autos weiterhin befahrbaren und mit Parkpl\u00e4tzen ausgestatteten \u2013 Fahrradstra\u00dfe entlang der Bornweidstra\u00dfe und Taschnerstra\u00dfe, damit radfahrende Jugendliche und Pendler*innen sicher zu Schule und Arbeitsplatz gelangen.<br>Auch die Komplettierung des Fahrradwegs an der Leuchte bis zum Schwimmbad halten wir f\u00fcr wichtig.<\/p>\n\n\n\n<p><br>Wir fordern weiterhin Verkehrsberuhigungen im Stadtteil. Der bereits bestehende Vorschlag zu Tempo 30 im ganzen Ortsbezirk soll verbindlich umgesetzt werden.<\/p>\n\n\n\n<p><br>Anspruch gr\u00fcner Mobilit\u00e4tspolitik ist ein hochwertiges, attraktives Angebot des \u00f6ffentlichen Nahverkehrs sowie ein guter Zugang zu den Fernverbindungen.<\/p>\n\n\n\n<p><br>Wir gehen davon aus, dass die Trassenf\u00fchrung der RTO nicht direkt an unserem Stadtteil verlaufen wird, und setzen uns deshalb f\u00fcr eine vern\u00fcnftige Anbindung an den geplanten S-Bahn-Ring um Frankfurt ein. <\/p>\n\n\n\n<p>Die im Jahr 2025 vorgestellten Trassen-Optionen 1 und 2 sind mit uns definitiv nicht umsetzbar.<\/p>\n\n\n\n<p><br>Wir fordern, dass Taktung und Routenverlauf der Buslinien besser auf die tats\u00e4chlichen Bedarfe abgestimmt werden (Linie 551) und es weniger Ausfall von Fahrten gibt (Linie 40).<\/p>\n\n\n\n<p><br>Die im Gesamtverkehrsplan 2035+ vorgesehenen Ma\u00dfnahmen zu den U-Bahnlinien U4 (Verl\u00e4ngerung bis Marktplatz Bergen) und U7 (Verl\u00e4ngerung bis zum Riedbad) verfolgen und unterst\u00fctzen wir.<br>Wir begr\u00fc\u00dfen, dass ab Ende 2026 ein Car-Sharing-Angebot in Bergen zur Verf\u00fcgung stehen soll und werden die Einrichtung konstruktiv begleiten.<\/p>\n\n\n\n<p>Weitere Ma\u00dfnahmen, um den Durchgangsverkehr in Bergen-Enkheim sowie das Zuparken von Wohngebieten zu reduzieren, halten wir f\u00fcr sinnvoll und notwendig.<\/p>\n","protected":false},"excerpt":{"rendered":"<p>Gr\u00fcne Werte Wir Gr\u00fcnen stehen f\u00fcr Mut und Ehrlichkeit. F\u00fcr viele bestehende Probleme gibt es keine einfachen L\u00f6sungen, also m\u00fcssen Dinge klar benannt werden \u2013 offen, direkt und immer respektvoll.Wir sagen ehrlich, wo Ver\u00e4nderungen notwendig sind, und gehen sie mutig an. Wir wollen gemeinsam mit den Menschen im Stadtteil nach vorne schauen. Hier sind unsere [&hellip;]<\/p>\n","protected":false},"author":6,"featured_media":0,"parent":1296,"menu_order":0,"comment_status":"closed","ping_status":"closed","template":"","meta":{"footnotes":""},"class_list":["post-1323","page","type-page","status-publish","hentry"],"_links":{"self":[{"href":"https:\/\/www.gruene-bergen-enkheim.de\/index.php?rest_route=\/wp\/v2\/pages\/1323","targetHints":{"allow":["GET"]}}],"collection":[{"href":"https:\/\/www.gruene-bergen-enkheim.de\/index.php?rest_route=\/wp\/v2\/pages"}],"about":[{"href":"https:\/\/www.gruene-bergen-enkheim.de\/index.php?rest_route=\/wp\/v2\/types\/page"}],"author":[{"embeddable":true,"href":"https:\/\/www.gruene-bergen-enkheim.de\/index.php?rest_route=\/wp\/v2\/users\/6"}],"replies":[{"embeddable":true,"href":"https:\/\/www.gruene-bergen-enkheim.de\/index.php?rest_route=%2Fwp%2Fv2%2Fcomments&post=1323"}],"version-history":[{"count":8,"href":"https:\/\/www.gruene-bergen-enkheim.de\/index.php?rest_route=\/wp\/v2\/pages\/1323\/revisions"}],"predecessor-version":[{"id":1366,"href":"https:\/\/www.gruene-bergen-enkheim.de\/index.php?rest_route=\/wp\/v2\/pages\/1323\/revisions\/1366"}],"up":[{"embeddable":true,"href":"https:\/\/www.gruene-bergen-enkheim.de\/index.php?rest_route=\/wp\/v2\/pages\/1296"}],"wp:attachment":[{"href":"https:\/\/www.gruene-bergen-enkheim.de\/index.php?rest_route=%2Fwp%2Fv2%2Fmedia&parent=1323"}],"curies":[{"name":"wp","href":"https:\/\/api.w.org\/{rel}","templated":true}]}}