{"id":1379,"date":"2026-01-23T15:36:15","date_gmt":"2026-01-23T14:36:15","guid":{"rendered":"https:\/\/www.gruene-bergen-enkheim.de\/?page_id=1379"},"modified":"2026-01-23T15:36:15","modified_gmt":"2026-01-23T14:36:15","slug":"spenden","status":"publish","type":"page","link":"https:\/\/www.gruene-bergen-enkheim.de\/?page_id=1379","title":{"rendered":"Spenden"},"content":{"rendered":"\n<p>Du m\u00f6chtest uns und unsere Arbeit im Stadtteil finanziell unterst\u00fctzen?<\/p>\n\n\n\n<p>Das kannst du ganz einfach per \u00dcberweisung tun. Jede Spende hilft uns dabei, sichtbar zu bleiben,  Fr\u00fchst\u00fccke oder andere Veranstaltungen, die dem Gedankenaustausch mit Bergen-Enkheimer B\u00fcrger*innen dienen, auszurichten, Aktionen ins Leben zu rufen, Wahlkampf zu betreiben.<\/p>\n\n\n\n<p>Unsere Bankverbindung &#8211; Kontoinhaber sind die Gr\u00fcnen Frankfurt, \u00fcber dieses Konto kommt das Geld aber direkt bei uns im Stadtteil an:<\/p>\n\n\n\n<p>B\u00fcndnis 90\/Die Gr\u00fcnen Frankfurt<br>IBAN: DE54430609678011871016<br>BIC: GENODEM1GLS<\/p>\n\n\n\n<p>Um am Anfang des Folgejahres der Spende eine ordentliche Spendenquittung ausstellen und versenden zu k\u00f6nnen, gib bitte zus\u00e4tzlich zum Wort &#8216;Spende&#8217; noch den Namen und die Anschrift im Verwendungszweck an.<\/p>\n","protected":false},"excerpt":{"rendered":"<p>Du m\u00f6chtest uns und unsere Arbeit im Stadtteil finanziell unterst\u00fctzen? Das kannst du ganz einfach per \u00dcberweisung tun. Jede Spende hilft uns dabei, sichtbar zu bleiben, Fr\u00fchst\u00fccke oder andere Veranstaltungen, die dem Gedankenaustausch mit Bergen-Enkheimer B\u00fcrger*innen dienen, auszurichten, Aktionen ins Leben zu rufen, Wahlkampf zu betreiben. Unsere Bankverbindung &#8211; Kontoinhaber sind die Gr\u00fcnen Frankfurt, \u00fcber [&hellip;]<\/p>\n","protected":false},"author":6,"featured_media":0,"parent":1308,"menu_order":0,"comment_status":"closed","ping_status":"closed","template":"","meta":{"footnotes":""},"class_list":["post-1379","page","type-page","status-publish","hentry"],"_links":{"self":[{"href":"https:\/\/www.gruene-bergen-enkheim.de\/index.php?rest_route=\/wp\/v2\/pages\/1379","targetHints":{"allow":["GET"]}}],"collection":[{"href":"https:\/\/www.gruene-bergen-enkheim.de\/index.php?rest_route=\/wp\/v2\/pages"}],"about":[{"href":"https:\/\/www.gruene-bergen-enkheim.de\/index.php?rest_route=\/wp\/v2\/types\/page"}],"author":[{"embeddable":true,"href":"https:\/\/www.gruene-bergen-enkheim.de\/index.php?rest_route=\/wp\/v2\/users\/6"}],"replies":[{"embeddable":true,"href":"https:\/\/www.gruene-bergen-enkheim.de\/index.php?rest_route=%2Fwp%2Fv2%2Fcomments&post=1379"}],"version-history":[{"count":1,"href":"https:\/\/www.gruene-bergen-enkheim.de\/index.php?rest_route=\/wp\/v2\/pages\/1379\/revisions"}],"predecessor-version":[{"id":1380,"href":"https:\/\/www.gruene-bergen-enkheim.de\/index.php?rest_route=\/wp\/v2\/pages\/1379\/revisions\/1380"}],"up":[{"embeddable":true,"href":"https:\/\/www.gruene-bergen-enkheim.de\/index.php?rest_route=\/wp\/v2\/pages\/1308"}],"wp:attachment":[{"href":"https:\/\/www.gruene-bergen-enkheim.de\/index.php?rest_route=%2Fwp%2Fv2%2Fmedia&parent=1379"}],"curies":[{"name":"wp","href":"https:\/\/api.w.org\/{rel}","templated":true}]}}